{"id":3761,"date":"2017-02-22T16:02:10","date_gmt":"2017-02-22T15:02:10","guid":{"rendered":"http:\/\/yannmarchesi.ch\/?page_id=3761"},"modified":"2022-08-09T15:48:27","modified_gmt":"2022-08-09T14:48:27","slug":"seance-fiancailles","status":"publish","type":"page","link":"https:\/\/yannmarchesi.ch\/?page_id=3761","title":{"rendered":"S\u00e9ance fian\u00e7ailles"},"content":{"rendered":"<p style=\"text-align: center;\"><img loading=\"lazy\" decoding=\"async\" class=\"wp-image-9272 aligncenter\" src=\"https:\/\/yannmarchesi.ch\/wp-content\/uploads\/2019\/06\/LaurieSteven_couple_mai2019-39-300x200.jpg\" alt=\"\" width=\"611\" height=\"408\" srcset=\"https:\/\/yannmarchesi.ch\/wp-content\/uploads\/2019\/06\/LaurieSteven_couple_mai2019-39-300x200.jpg 300w, https:\/\/yannmarchesi.ch\/wp-content\/uploads\/2019\/06\/LaurieSteven_couple_mai2019-39-980x653.jpg 980w, https:\/\/yannmarchesi.ch\/wp-content\/uploads\/2019\/06\/LaurieSteven_couple_mai2019-39-768x512.jpg 768w, https:\/\/yannmarchesi.ch\/wp-content\/uploads\/2019\/06\/LaurieSteven_couple_mai2019-39-1024x682.jpg 1024w, https:\/\/yannmarchesi.ch\/wp-content\/uploads\/2019\/06\/LaurieSteven_couple_mai2019-39-900x600.jpg 900w, https:\/\/yannmarchesi.ch\/wp-content\/uploads\/2019\/06\/LaurieSteven_couple_mai2019-39-420x280.jpg 420w, https:\/\/yannmarchesi.ch\/wp-content\/uploads\/2019\/06\/LaurieSteven_couple_mai2019-39.jpg 2000w\" sizes=\"auto, (max-width: 611px) 100vw, 611px\" \/><br \/>\nLe shooting \u00ab\u00a0s\u00e9ance fian\u00e7ailles\u00a0\u00bb ou \u00ab\u00a0s\u00e9ance de couple\u00a0\u00bb est tr\u00e8s important pour moi. Il constitue la premi\u00e8re phase de mon\u00a0travail avant un\u00a0mariage et est le premier contact avec moi, mon appareil photo et\u00a0les futurs mari\u00e9s. Le temps d&rsquo;une balade pr\u00e8s de chez vous ou dans un lieu\u00a0qu&rsquo;on pourra d\u00e9finir ensemble, cela devient un moment fort d&rsquo;intimit\u00e9\u00a0entre vous et moi. Ce moment sera parfait pour faire plus ample connaissance ainsi que pour vous familiariser\u00a0avec ma fa\u00e7on de travailler. Je pourrai r\u00e9aliser, au plus\u00a0pr\u00e8s, les images de vos r\u00eaves.\u00a0Ce shooting peut aussi tr\u00e8s bien se faire hors mariage. Si l&rsquo;envie vous prend soudainement d&rsquo;avoir\u00a0un souvenir fort et original\u00a0de votre couple, cette s\u00e9ance photo est faite pour vous.<\/p>\n<h2 style=\"text-align: center;\"><\/h2>\n<h6 style=\"text-align: center;\"><\/h6>\n<p style=\"text-align: center;\"><em><a href=\"http:\/\/yannmarchesi.ch\/?page_id=43\">Prix \u00e0 la demande<\/a><\/em><\/p>\n","protected":false},"excerpt":{"rendered":"<p>Le shooting \u00ab\u00a0s\u00e9ance fian\u00e7ailles\u00a0\u00bb ou \u00ab\u00a0s\u00e9ance de couple\u00a0\u00bb est tr\u00e8s important pour moi. Il constitue la premi\u00e8re phase de mon\u00a0travail avant un\u00a0mariage et est le premier contact avec moi, mon appareil photo et\u00a0les futurs mari\u00e9s. Le temps d&rsquo;une balade pr\u00e8s de chez vous ou dans un lieu\u00a0qu&rsquo;on pourra d\u00e9finir ensemble, cela devient un moment fort &hellip; <\/p>\n<div class=\"more-link-wrapper\"><a href=\"https:\/\/yannmarchesi.ch\/?page_id=3761\" class=\"more-link\">Continue reading<span class=\"screen-reader-text\"> \u00ab\u00a0S\u00e9ance fian\u00e7ailles\u00a0\u00bb<\/span><\/a><\/div>\n","protected":false},"author":1,"featured_media":0,"parent":0,"menu_order":0,"comment_status":"closed","ping_status":"closed","template":"template-full.php","meta":{"footnotes":"","_links_to":"","_links_to_target":""},"class_list":["post-3761","page","type-page","status-publish"],"yoast_head":"<!-- This site is optimized with the Yoast SEO plugin v28.4 - https:\/\/yoast.com\/product\/yoast-seo-wordpress\/ -->\n<title>S\u00e9ance fian\u00e7ailles -<\/title>\n<meta name=\"robots\" content=\"index, follow, max-snippet:-1, max-image-preview:large, max-video-preview:-1\" \/>\n<link rel=\"canonical\" href=\"https:\/\/yannmarchesi.ch\/?page_id=3761\" \/>\n<meta property=\"og:locale\" content=\"fr_FR\" \/>\n<meta property=\"og:type\" content=\"article\" \/>\n<meta property=\"og:title\" content=\"S\u00e9ance fian\u00e7ailles -\" \/>\n<meta property=\"og:description\" content=\"Le shooting \u00ab\u00a0s\u00e9ance fian\u00e7ailles\u00a0\u00bb ou \u00ab\u00a0s\u00e9ance de couple\u00a0\u00bb est tr\u00e8s important pour moi. Il constitue la premi\u00e8re phase de mon\u00a0travail avant un\u00a0mariage et est le premier contact avec moi, mon appareil photo et\u00a0les futurs mari\u00e9s. Le temps d&rsquo;une balade pr\u00e8s de chez vous ou dans un lieu\u00a0qu&rsquo;on pourra d\u00e9finir ensemble, cela devient un moment fort &hellip; Continue reading &quot;S\u00e9ance fian\u00e7ailles&quot;\" \/>\n<meta property=\"og:url\" content=\"https:\/\/yannmarchesi.ch\/?page_id=3761\" \/>\n<meta property=\"article:publisher\" content=\"https:\/\/www.facebook.com\/yannmarchesiPhotography\" \/>\n<meta property=\"article:modified_time\" content=\"2022-08-09T14:48:27+00:00\" \/>\n<meta property=\"og:image\" content=\"https:\/\/yannmarchesi.ch\/wp-content\/uploads\/2019\/06\/LaurieSteven_couple_mai2019-39-300x200.jpg\" \/>\n<meta name=\"twitter:card\" content=\"summary_large_image\" \/>\n<meta name=\"twitter:label1\" content=\"Dur\u00e9e de lecture estim\u00e9e\" \/>\n\t<meta name=\"twitter:data1\" content=\"1 minute\" \/>\n<script type=\"application\/ld+json\" class=\"yoast-schema-graph\">{\"@context\":\"https:\\\/\\\/schema.org\",\"@graph\":[{\"@type\":\"WebPage\",\"@id\":\"https:\\\/\\\/yannmarchesi.ch\\\/?page_id=3761\",\"url\":\"https:\\\/\\\/yannmarchesi.ch\\\/?page_id=3761\",\"name\":\"S\u00e9ance fian\u00e7ailles -\",\"isPartOf\":{\"@id\":\"https:\\\/\\\/yannmarchesi.ch\\\/#website\"},\"primaryImageOfPage\":{\"@id\":\"https:\\\/\\\/yannmarchesi.ch\\\/?page_id=3761#primaryimage\"},\"image\":{\"@id\":\"https:\\\/\\\/yannmarchesi.ch\\\/?page_id=3761#primaryimage\"},\"thumbnailUrl\":\"https:\\\/\\\/yannmarchesi.ch\\\/wp-content\\\/uploads\\\/2019\\\/06\\\/LaurieSteven_couple_mai2019-39-300x200.jpg\",\"datePublished\":\"2017-02-22T15:02:10+00:00\",\"dateModified\":\"2022-08-09T14:48:27+00:00\",\"breadcrumb\":{\"@id\":\"https:\\\/\\\/yannmarchesi.ch\\\/?page_id=3761#breadcrumb\"},\"inLanguage\":\"fr-FR\",\"potentialAction\":[{\"@type\":\"ReadAction\",\"target\":[\"https:\\\/\\\/yannmarchesi.ch\\\/?page_id=3761\"]}]},{\"@type\":\"ImageObject\",\"inLanguage\":\"fr-FR\",\"@id\":\"https:\\\/\\\/yannmarchesi.ch\\\/?page_id=3761#primaryimage\",\"url\":\"https:\\\/\\\/yannmarchesi.ch\\\/wp-content\\\/uploads\\\/2019\\\/06\\\/LaurieSteven_couple_mai2019-39.jpg\",\"contentUrl\":\"https:\\\/\\\/yannmarchesi.ch\\\/wp-content\\\/uploads\\\/2019\\\/06\\\/LaurieSteven_couple_mai2019-39.jpg\",\"width\":2000,\"height\":1333},{\"@type\":\"BreadcrumbList\",\"@id\":\"https:\\\/\\\/yannmarchesi.ch\\\/?page_id=3761#breadcrumb\",\"itemListElement\":[{\"@type\":\"ListItem\",\"position\":1,\"name\":\"Accueil\",\"item\":\"https:\\\/\\\/yannmarchesi.ch\\\/\"},{\"@type\":\"ListItem\",\"position\":2,\"name\":\"S\u00e9ance fian\u00e7ailles\"}]},{\"@type\":\"WebSite\",\"@id\":\"https:\\\/\\\/yannmarchesi.ch\\\/#website\",\"url\":\"https:\\\/\\\/yannmarchesi.ch\\\/\",\"name\":\"yannmarchesi.ch\",\"description\":\"\",\"publisher\":{\"@id\":\"https:\\\/\\\/yannmarchesi.ch\\\/#organization\"},\"potentialAction\":[{\"@type\":\"SearchAction\",\"target\":{\"@type\":\"EntryPoint\",\"urlTemplate\":\"https:\\\/\\\/yannmarchesi.ch\\\/?s={search_term_string}\"},\"query-input\":{\"@type\":\"PropertyValueSpecification\",\"valueRequired\":true,\"valueName\":\"search_term_string\"}}],\"inLanguage\":\"fr-FR\"},{\"@type\":\"Organization\",\"@id\":\"https:\\\/\\\/yannmarchesi.ch\\\/#organization\",\"name\":\"yannmarchesi.ch\",\"url\":\"https:\\\/\\\/yannmarchesi.ch\\\/\",\"logo\":{\"@type\":\"ImageObject\",\"inLanguage\":\"fr-FR\",\"@id\":\"https:\\\/\\\/yannmarchesi.ch\\\/#\\\/schema\\\/logo\\\/image\\\/\",\"url\":\"https:\\\/\\\/yannmarchesi.ch\\\/wp-content\\\/uploads\\\/2020\\\/10\\\/cropped-teste-site-2-1.png\",\"contentUrl\":\"https:\\\/\\\/yannmarchesi.ch\\\/wp-content\\\/uploads\\\/2020\\\/10\\\/cropped-teste-site-2-1.png\",\"width\":1173,\"height\":705,\"caption\":\"yannmarchesi.ch\"},\"image\":{\"@id\":\"https:\\\/\\\/yannmarchesi.ch\\\/#\\\/schema\\\/logo\\\/image\\\/\"},\"sameAs\":[\"https:\\\/\\\/www.facebook.com\\\/yannmarchesiPhotography\"]}]}<\/script>\n<!-- \/ Yoast SEO plugin. -->","yoast_head_json":{"title":"S\u00e9ance fian\u00e7ailles -","robots":{"index":"index","follow":"follow","max-snippet":"max-snippet:-1","max-image-preview":"max-image-preview:large","max-video-preview":"max-video-preview:-1"},"canonical":"https:\/\/yannmarchesi.ch\/?page_id=3761","og_locale":"fr_FR","og_type":"article","og_title":"S\u00e9ance fian\u00e7ailles -","og_description":"Le shooting \u00ab\u00a0s\u00e9ance fian\u00e7ailles\u00a0\u00bb ou \u00ab\u00a0s\u00e9ance de couple\u00a0\u00bb est tr\u00e8s important pour moi. Il constitue la premi\u00e8re phase de mon\u00a0travail avant un\u00a0mariage et est le premier contact avec moi, mon appareil photo et\u00a0les futurs mari\u00e9s. Le temps d&rsquo;une balade pr\u00e8s de chez vous ou dans un lieu\u00a0qu&rsquo;on pourra d\u00e9finir ensemble, cela devient un moment fort &hellip; Continue reading \"S\u00e9ance fian\u00e7ailles\"","og_url":"https:\/\/yannmarchesi.ch\/?page_id=3761","article_publisher":"https:\/\/www.facebook.com\/yannmarchesiPhotography","article_modified_time":"2022-08-09T14:48:27+00:00","og_image":[{"url":"https:\/\/yannmarchesi.ch\/wp-content\/uploads\/2019\/06\/LaurieSteven_couple_mai2019-39-300x200.jpg","type":"","width":"","height":""}],"twitter_card":"summary_large_image","twitter_misc":{"Dur\u00e9e de lecture estim\u00e9e":"1 minute"},"schema":{"@context":"https:\/\/schema.org","@graph":[{"@type":"WebPage","@id":"https:\/\/yannmarchesi.ch\/?page_id=3761","url":"https:\/\/yannmarchesi.ch\/?page_id=3761","name":"S\u00e9ance fian\u00e7ailles -","isPartOf":{"@id":"https:\/\/yannmarchesi.ch\/#website"},"primaryImageOfPage":{"@id":"https:\/\/yannmarchesi.ch\/?page_id=3761#primaryimage"},"image":{"@id":"https:\/\/yannmarchesi.ch\/?page_id=3761#primaryimage"},"thumbnailUrl":"https:\/\/yannmarchesi.ch\/wp-content\/uploads\/2019\/06\/LaurieSteven_couple_mai2019-39-300x200.jpg","datePublished":"2017-02-22T15:02:10+00:00","dateModified":"2022-08-09T14:48:27+00:00","breadcrumb":{"@id":"https:\/\/yannmarchesi.ch\/?page_id=3761#breadcrumb"},"inLanguage":"fr-FR","potentialAction":[{"@type":"ReadAction","target":["https:\/\/yannmarchesi.ch\/?page_id=3761"]}]},{"@type":"ImageObject","inLanguage":"fr-FR","@id":"https:\/\/yannmarchesi.ch\/?page_id=3761#primaryimage","url":"https:\/\/yannmarchesi.ch\/wp-content\/uploads\/2019\/06\/LaurieSteven_couple_mai2019-39.jpg","contentUrl":"https:\/\/yannmarchesi.ch\/wp-content\/uploads\/2019\/06\/LaurieSteven_couple_mai2019-39.jpg","width":2000,"height":1333},{"@type":"BreadcrumbList","@id":"https:\/\/yannmarchesi.ch\/?page_id=3761#breadcrumb","itemListElement":[{"@type":"ListItem","position":1,"name":"Accueil","item":"https:\/\/yannmarchesi.ch\/"},{"@type":"ListItem","position":2,"name":"S\u00e9ance fian\u00e7ailles"}]},{"@type":"WebSite","@id":"https:\/\/yannmarchesi.ch\/#website","url":"https:\/\/yannmarchesi.ch\/","name":"yannmarchesi.ch","description":"","publisher":{"@id":"https:\/\/yannmarchesi.ch\/#organization"},"potentialAction":[{"@type":"SearchAction","target":{"@type":"EntryPoint","urlTemplate":"https:\/\/yannmarchesi.ch\/?s={search_term_string}"},"query-input":{"@type":"PropertyValueSpecification","valueRequired":true,"valueName":"search_term_string"}}],"inLanguage":"fr-FR"},{"@type":"Organization","@id":"https:\/\/yannmarchesi.ch\/#organization","name":"yannmarchesi.ch","url":"https:\/\/yannmarchesi.ch\/","logo":{"@type":"ImageObject","inLanguage":"fr-FR","@id":"https:\/\/yannmarchesi.ch\/#\/schema\/logo\/image\/","url":"https:\/\/yannmarchesi.ch\/wp-content\/uploads\/2020\/10\/cropped-teste-site-2-1.png","contentUrl":"https:\/\/yannmarchesi.ch\/wp-content\/uploads\/2020\/10\/cropped-teste-site-2-1.png","width":1173,"height":705,"caption":"yannmarchesi.ch"},"image":{"@id":"https:\/\/yannmarchesi.ch\/#\/schema\/logo\/image\/"},"sameAs":["https:\/\/www.facebook.com\/yannmarchesiPhotography"]}]}},"jetpack_sharing_enabled":true,"_links":{"self":[{"href":"https:\/\/yannmarchesi.ch\/index.php?rest_route=\/wp\/v2\/pages\/3761","targetHints":{"allow":["GET"]}}],"collection":[{"href":"https:\/\/yannmarchesi.ch\/index.php?rest_route=\/wp\/v2\/pages"}],"about":[{"href":"https:\/\/yannmarchesi.ch\/index.php?rest_route=\/wp\/v2\/types\/page"}],"author":[{"embeddable":true,"href":"https:\/\/yannmarchesi.ch\/index.php?rest_route=\/wp\/v2\/users\/1"}],"replies":[{"embeddable":true,"href":"https:\/\/yannmarchesi.ch\/index.php?rest_route=%2Fwp%2Fv2%2Fcomments&post=3761"}],"version-history":[{"count":27,"href":"https:\/\/yannmarchesi.ch\/index.php?rest_route=\/wp\/v2\/pages\/3761\/revisions"}],"predecessor-version":[{"id":13040,"href":"https:\/\/yannmarchesi.ch\/index.php?rest_route=\/wp\/v2\/pages\/3761\/revisions\/13040"}],"wp:attachment":[{"href":"https:\/\/yannmarchesi.ch\/index.php?rest_route=%2Fwp%2Fv2%2Fmedia&parent=3761"}],"curies":[{"name":"wp","href":"https:\/\/api.w.org\/{rel}","templated":true}]}}