{"id":222,"date":"2013-11-29T19:27:54","date_gmt":"2013-11-29T18:27:54","guid":{"rendered":"http:\/\/yannmarchesi.ch\/?page_id=222"},"modified":"2022-08-09T15:48:00","modified_gmt":"2022-08-09T14:48:00","slug":"mariages-2","status":"publish","type":"page","link":"https:\/\/yannmarchesi.ch\/?page_id=222","title":{"rendered":"Mariage"},"content":{"rendered":"<p style=\"text-align: center;\"><img loading=\"lazy\" decoding=\"async\" class=\"wp-image-10648 aligncenter\" src=\"https:\/\/yannmarchesi.ch\/wp-content\/uploads\/2019\/09\/Mariage_JustineMathieu_15juin19-461-300x200.jpg\" alt=\"\" width=\"646\" height=\"430\" srcset=\"https:\/\/yannmarchesi.ch\/wp-content\/uploads\/2019\/09\/Mariage_JustineMathieu_15juin19-461-300x200.jpg 300w, https:\/\/yannmarchesi.ch\/wp-content\/uploads\/2019\/09\/Mariage_JustineMathieu_15juin19-461-980x653.jpg 980w, https:\/\/yannmarchesi.ch\/wp-content\/uploads\/2019\/09\/Mariage_JustineMathieu_15juin19-461-768x512.jpg 768w, https:\/\/yannmarchesi.ch\/wp-content\/uploads\/2019\/09\/Mariage_JustineMathieu_15juin19-461-1024x682.jpg 1024w, https:\/\/yannmarchesi.ch\/wp-content\/uploads\/2019\/09\/Mariage_JustineMathieu_15juin19-461-900x600.jpg 900w, https:\/\/yannmarchesi.ch\/wp-content\/uploads\/2019\/09\/Mariage_JustineMathieu_15juin19-461-420x280.jpg 420w, https:\/\/yannmarchesi.ch\/wp-content\/uploads\/2019\/09\/Mariage_JustineMathieu_15juin19-461.jpg 2000w\" sizes=\"auto, (max-width: 646px) 100vw, 646px\" \/><br \/>\nPhotographe de mariage \u00e0 Neuch\u00e2tel ainsi que dans toute la Suisse romande, je travaille dans un esprit de photojournalisme et r\u00e9alise votre reportage de mariage de fa\u00e7on naturelle et spontan\u00e9e.<br \/>\nMon intention premi\u00e8re est de vous faire le r\u00e9cit photographique des plus beaux moments de votre mariage, \u00e0 travers une photographie de l&rsquo;instant et de l&rsquo;\u00e9motion. Le moment du shooting du couple est \u00e9galement une partie importante de mon travaille.<\/p>\n<p style=\"text-align: center;\">Je couvre votre \u00e9v\u00e8nement depuis les pr\u00e9paratifs \u00a0jusqu&rsquo;au vin d&rsquo;honneur ou fin de soir\u00e9e selon la formule choisie.<\/p>\n<p style=\"text-align: center;\">Une complicit\u00e9 est importante entre les mari\u00e9s et le photographe il est donc important de prendre le temps de nous rencontrer bien avant votre journ\u00e9e, je saurai m\u2019impr\u00e9gner de votre confiance, de vos d\u00e9sirs, de vos \u00e9motions !<\/p>\n<h2 style=\"text-align: center;\"><\/h2>\n<h3 style=\"text-align: center;\">Mes tarifs varient selon la formule choisie :<\/h3>\n<ul style=\"text-align: center;\">\n<li style=\"text-align: center;\"><strong>Prestation minimum sept heures<\/strong><strong><em>\u00a0(pr\u00e9paratifs, shooting, c\u00e9r\u00e9monie et vin d&rsquo;honneur)\u00a0<\/em><\/strong><strong>Et<i>\u00a0<\/i>selon vos souhaits (mise en sc\u00e8ne des mari\u00e9s, photos de famille, Repas\u00a0de noce, etc.) <\/strong><\/li>\n<li style=\"text-align: center;\"><strong>Forfait journ\u00e9e sans le R<\/strong><strong>epas de noce (sept ou neuf heures).\u00a0<\/strong><\/li>\n<li style=\"text-align: center;\"><strong>Forfait journ\u00e9e avec\u00a0le Repas de noce (douze heures<\/strong><b>).<\/b><\/li>\n<\/ul>\n<p style=\"text-align: center;\"><strong>Il y a \u00e9galement la\u00a0<\/strong><b>possibilit\u00e9 de vous faire un album qui regroupe <\/b><b>\u00a0les 60\u00a0plus belles photos de votre journ\u00e9e.\u00a0<\/b><\/p>\n<p style=\"text-align: center;\"><em><a href=\"http:\/\/yannmarchesi.ch\/?page_id=43\">Prix \u00e0 la demande<\/a><\/em><\/p>\n<p><noscript>&lt;br&gt;<br \/>\n<\/noscript><\/p>\n<div style=\"display: inline;\"><img loading=\"lazy\" decoding=\"async\" style=\"border-style: none;\" src=\"\/\/www.googleadservices.com\/pagead\/conversion\/930529953\/?label=fLQvCI2wxGMQoYXbuwM&amp;guid=ON&amp;script=0\" alt=\"\" width=\"1\" height=\"1\" \/><\/div>\n","protected":false},"excerpt":{"rendered":"<p>Photographe de mariage \u00e0 Neuch\u00e2tel ainsi que dans toute la Suisse romande, je travaille dans un esprit de photojournalisme et r\u00e9alise votre reportage de mariage de fa\u00e7on naturelle et spontan\u00e9e. Mon intention premi\u00e8re est de vous faire le r\u00e9cit photographique des plus beaux moments de votre mariage, \u00e0 travers une photographie de l&rsquo;instant et de &hellip; <\/p>\n<div class=\"more-link-wrapper\"><a href=\"https:\/\/yannmarchesi.ch\/?page_id=222\" class=\"more-link\">Continue reading<span class=\"screen-reader-text\"> \u00ab\u00a0Mariage\u00a0\u00bb<\/span><\/a><\/div>\n","protected":false},"author":1,"featured_media":0,"parent":4,"menu_order":0,"comment_status":"closed","ping_status":"closed","template":"template-full.php","meta":{"footnotes":"","_links_to":"","_links_to_target":""},"class_list":["post-222","page","type-page","status-publish"],"yoast_head":"<!-- This site is optimized with the Yoast SEO plugin v28.4 - https:\/\/yoast.com\/product\/yoast-seo-wordpress\/ -->\n<title>Mariage -<\/title>\n<meta name=\"robots\" content=\"index, follow, max-snippet:-1, max-image-preview:large, max-video-preview:-1\" \/>\n<link rel=\"canonical\" href=\"https:\/\/yannmarchesi.ch\/?page_id=222\" \/>\n<meta property=\"og:locale\" content=\"fr_FR\" \/>\n<meta property=\"og:type\" content=\"article\" \/>\n<meta property=\"og:title\" content=\"Mariage -\" \/>\n<meta property=\"og:description\" content=\"Photographe de mariage \u00e0 Neuch\u00e2tel ainsi que dans toute la Suisse romande, je travaille dans un esprit de photojournalisme et r\u00e9alise votre reportage de mariage de fa\u00e7on naturelle et spontan\u00e9e. Mon intention premi\u00e8re est de vous faire le r\u00e9cit photographique des plus beaux moments de votre mariage, \u00e0 travers une photographie de l&rsquo;instant et de &hellip; Continue reading &quot;Mariage&quot;\" \/>\n<meta property=\"og:url\" content=\"https:\/\/yannmarchesi.ch\/?page_id=222\" \/>\n<meta property=\"article:publisher\" content=\"https:\/\/www.facebook.com\/yannmarchesiPhotography\" \/>\n<meta property=\"article:modified_time\" content=\"2022-08-09T14:48:00+00:00\" \/>\n<meta property=\"og:image\" content=\"https:\/\/yannmarchesi.ch\/wp-content\/uploads\/2019\/09\/Mariage_JustineMathieu_15juin19-461-300x200.jpg\" \/>\n<meta name=\"twitter:card\" content=\"summary_large_image\" \/>\n<meta name=\"twitter:label1\" content=\"Dur\u00e9e de lecture estim\u00e9e\" \/>\n\t<meta name=\"twitter:data1\" content=\"1 minute\" \/>\n<script type=\"application\/ld+json\" class=\"yoast-schema-graph\">{\"@context\":\"https:\\\/\\\/schema.org\",\"@graph\":[{\"@type\":\"WebPage\",\"@id\":\"https:\\\/\\\/yannmarchesi.ch\\\/?page_id=222\",\"url\":\"https:\\\/\\\/yannmarchesi.ch\\\/?page_id=222\",\"name\":\"Mariage -\",\"isPartOf\":{\"@id\":\"https:\\\/\\\/yannmarchesi.ch\\\/#website\"},\"primaryImageOfPage\":{\"@id\":\"https:\\\/\\\/yannmarchesi.ch\\\/?page_id=222#primaryimage\"},\"image\":{\"@id\":\"https:\\\/\\\/yannmarchesi.ch\\\/?page_id=222#primaryimage\"},\"thumbnailUrl\":\"https:\\\/\\\/yannmarchesi.ch\\\/wp-content\\\/uploads\\\/2019\\\/09\\\/Mariage_JustineMathieu_15juin19-461-300x200.jpg\",\"datePublished\":\"2013-11-29T18:27:54+00:00\",\"dateModified\":\"2022-08-09T14:48:00+00:00\",\"breadcrumb\":{\"@id\":\"https:\\\/\\\/yannmarchesi.ch\\\/?page_id=222#breadcrumb\"},\"inLanguage\":\"fr-FR\",\"potentialAction\":[{\"@type\":\"ReadAction\",\"target\":[\"https:\\\/\\\/yannmarchesi.ch\\\/?page_id=222\"]}]},{\"@type\":\"ImageObject\",\"inLanguage\":\"fr-FR\",\"@id\":\"https:\\\/\\\/yannmarchesi.ch\\\/?page_id=222#primaryimage\",\"url\":\"https:\\\/\\\/yannmarchesi.ch\\\/wp-content\\\/uploads\\\/2019\\\/09\\\/Mariage_JustineMathieu_15juin19-461.jpg\",\"contentUrl\":\"https:\\\/\\\/yannmarchesi.ch\\\/wp-content\\\/uploads\\\/2019\\\/09\\\/Mariage_JustineMathieu_15juin19-461.jpg\",\"width\":2000,\"height\":1333},{\"@type\":\"BreadcrumbList\",\"@id\":\"https:\\\/\\\/yannmarchesi.ch\\\/?page_id=222#breadcrumb\",\"itemListElement\":[{\"@type\":\"ListItem\",\"position\":1,\"name\":\"Accueil\",\"item\":\"https:\\\/\\\/yannmarchesi.ch\\\/\"},{\"@type\":\"ListItem\",\"position\":2,\"name\":\"Prestations\",\"item\":\"https:\\\/\\\/yannmarchesi.ch\\\/?page_id=4\"},{\"@type\":\"ListItem\",\"position\":3,\"name\":\"Mariage\"}]},{\"@type\":\"WebSite\",\"@id\":\"https:\\\/\\\/yannmarchesi.ch\\\/#website\",\"url\":\"https:\\\/\\\/yannmarchesi.ch\\\/\",\"name\":\"yannmarchesi.ch\",\"description\":\"\",\"publisher\":{\"@id\":\"https:\\\/\\\/yannmarchesi.ch\\\/#organization\"},\"potentialAction\":[{\"@type\":\"SearchAction\",\"target\":{\"@type\":\"EntryPoint\",\"urlTemplate\":\"https:\\\/\\\/yannmarchesi.ch\\\/?s={search_term_string}\"},\"query-input\":{\"@type\":\"PropertyValueSpecification\",\"valueRequired\":true,\"valueName\":\"search_term_string\"}}],\"inLanguage\":\"fr-FR\"},{\"@type\":\"Organization\",\"@id\":\"https:\\\/\\\/yannmarchesi.ch\\\/#organization\",\"name\":\"yannmarchesi.ch\",\"url\":\"https:\\\/\\\/yannmarchesi.ch\\\/\",\"logo\":{\"@type\":\"ImageObject\",\"inLanguage\":\"fr-FR\",\"@id\":\"https:\\\/\\\/yannmarchesi.ch\\\/#\\\/schema\\\/logo\\\/image\\\/\",\"url\":\"https:\\\/\\\/yannmarchesi.ch\\\/wp-content\\\/uploads\\\/2020\\\/10\\\/cropped-teste-site-2-1.png\",\"contentUrl\":\"https:\\\/\\\/yannmarchesi.ch\\\/wp-content\\\/uploads\\\/2020\\\/10\\\/cropped-teste-site-2-1.png\",\"width\":1173,\"height\":705,\"caption\":\"yannmarchesi.ch\"},\"image\":{\"@id\":\"https:\\\/\\\/yannmarchesi.ch\\\/#\\\/schema\\\/logo\\\/image\\\/\"},\"sameAs\":[\"https:\\\/\\\/www.facebook.com\\\/yannmarchesiPhotography\"]}]}<\/script>\n<!-- \/ Yoast SEO plugin. -->","yoast_head_json":{"title":"Mariage -","robots":{"index":"index","follow":"follow","max-snippet":"max-snippet:-1","max-image-preview":"max-image-preview:large","max-video-preview":"max-video-preview:-1"},"canonical":"https:\/\/yannmarchesi.ch\/?page_id=222","og_locale":"fr_FR","og_type":"article","og_title":"Mariage -","og_description":"Photographe de mariage \u00e0 Neuch\u00e2tel ainsi que dans toute la Suisse romande, je travaille dans un esprit de photojournalisme et r\u00e9alise votre reportage de mariage de fa\u00e7on naturelle et spontan\u00e9e. Mon intention premi\u00e8re est de vous faire le r\u00e9cit photographique des plus beaux moments de votre mariage, \u00e0 travers une photographie de l&rsquo;instant et de &hellip; Continue reading \"Mariage\"","og_url":"https:\/\/yannmarchesi.ch\/?page_id=222","article_publisher":"https:\/\/www.facebook.com\/yannmarchesiPhotography","article_modified_time":"2022-08-09T14:48:00+00:00","og_image":[{"url":"https:\/\/yannmarchesi.ch\/wp-content\/uploads\/2019\/09\/Mariage_JustineMathieu_15juin19-461-300x200.jpg","type":"","width":"","height":""}],"twitter_card":"summary_large_image","twitter_misc":{"Dur\u00e9e de lecture estim\u00e9e":"1 minute"},"schema":{"@context":"https:\/\/schema.org","@graph":[{"@type":"WebPage","@id":"https:\/\/yannmarchesi.ch\/?page_id=222","url":"https:\/\/yannmarchesi.ch\/?page_id=222","name":"Mariage -","isPartOf":{"@id":"https:\/\/yannmarchesi.ch\/#website"},"primaryImageOfPage":{"@id":"https:\/\/yannmarchesi.ch\/?page_id=222#primaryimage"},"image":{"@id":"https:\/\/yannmarchesi.ch\/?page_id=222#primaryimage"},"thumbnailUrl":"https:\/\/yannmarchesi.ch\/wp-content\/uploads\/2019\/09\/Mariage_JustineMathieu_15juin19-461-300x200.jpg","datePublished":"2013-11-29T18:27:54+00:00","dateModified":"2022-08-09T14:48:00+00:00","breadcrumb":{"@id":"https:\/\/yannmarchesi.ch\/?page_id=222#breadcrumb"},"inLanguage":"fr-FR","potentialAction":[{"@type":"ReadAction","target":["https:\/\/yannmarchesi.ch\/?page_id=222"]}]},{"@type":"ImageObject","inLanguage":"fr-FR","@id":"https:\/\/yannmarchesi.ch\/?page_id=222#primaryimage","url":"https:\/\/yannmarchesi.ch\/wp-content\/uploads\/2019\/09\/Mariage_JustineMathieu_15juin19-461.jpg","contentUrl":"https:\/\/yannmarchesi.ch\/wp-content\/uploads\/2019\/09\/Mariage_JustineMathieu_15juin19-461.jpg","width":2000,"height":1333},{"@type":"BreadcrumbList","@id":"https:\/\/yannmarchesi.ch\/?page_id=222#breadcrumb","itemListElement":[{"@type":"ListItem","position":1,"name":"Accueil","item":"https:\/\/yannmarchesi.ch\/"},{"@type":"ListItem","position":2,"name":"Prestations","item":"https:\/\/yannmarchesi.ch\/?page_id=4"},{"@type":"ListItem","position":3,"name":"Mariage"}]},{"@type":"WebSite","@id":"https:\/\/yannmarchesi.ch\/#website","url":"https:\/\/yannmarchesi.ch\/","name":"yannmarchesi.ch","description":"","publisher":{"@id":"https:\/\/yannmarchesi.ch\/#organization"},"potentialAction":[{"@type":"SearchAction","target":{"@type":"EntryPoint","urlTemplate":"https:\/\/yannmarchesi.ch\/?s={search_term_string}"},"query-input":{"@type":"PropertyValueSpecification","valueRequired":true,"valueName":"search_term_string"}}],"inLanguage":"fr-FR"},{"@type":"Organization","@id":"https:\/\/yannmarchesi.ch\/#organization","name":"yannmarchesi.ch","url":"https:\/\/yannmarchesi.ch\/","logo":{"@type":"ImageObject","inLanguage":"fr-FR","@id":"https:\/\/yannmarchesi.ch\/#\/schema\/logo\/image\/","url":"https:\/\/yannmarchesi.ch\/wp-content\/uploads\/2020\/10\/cropped-teste-site-2-1.png","contentUrl":"https:\/\/yannmarchesi.ch\/wp-content\/uploads\/2020\/10\/cropped-teste-site-2-1.png","width":1173,"height":705,"caption":"yannmarchesi.ch"},"image":{"@id":"https:\/\/yannmarchesi.ch\/#\/schema\/logo\/image\/"},"sameAs":["https:\/\/www.facebook.com\/yannmarchesiPhotography"]}]}},"jetpack_sharing_enabled":true,"_links":{"self":[{"href":"https:\/\/yannmarchesi.ch\/index.php?rest_route=\/wp\/v2\/pages\/222","targetHints":{"allow":["GET"]}}],"collection":[{"href":"https:\/\/yannmarchesi.ch\/index.php?rest_route=\/wp\/v2\/pages"}],"about":[{"href":"https:\/\/yannmarchesi.ch\/index.php?rest_route=\/wp\/v2\/types\/page"}],"author":[{"embeddable":true,"href":"https:\/\/yannmarchesi.ch\/index.php?rest_route=\/wp\/v2\/users\/1"}],"replies":[{"embeddable":true,"href":"https:\/\/yannmarchesi.ch\/index.php?rest_route=%2Fwp%2Fv2%2Fcomments&post=222"}],"version-history":[{"count":63,"href":"https:\/\/yannmarchesi.ch\/index.php?rest_route=\/wp\/v2\/pages\/222\/revisions"}],"predecessor-version":[{"id":13039,"href":"https:\/\/yannmarchesi.ch\/index.php?rest_route=\/wp\/v2\/pages\/222\/revisions\/13039"}],"up":[{"embeddable":true,"href":"https:\/\/yannmarchesi.ch\/index.php?rest_route=\/wp\/v2\/pages\/4"}],"wp:attachment":[{"href":"https:\/\/yannmarchesi.ch\/index.php?rest_route=%2Fwp%2Fv2%2Fmedia&parent=222"}],"curies":[{"name":"wp","href":"https:\/\/api.w.org\/{rel}","templated":true}]}}